{"id":22090,"date":"2021-12-26T17:34:26","date_gmt":"2021-12-26T16:34:26","guid":{"rendered":"http:\/\/tutoberri.info\/?page_id=22090"},"modified":"2026-02-05T16:57:06","modified_gmt":"2026-02-05T15:57:06","slug":"batiburrillo-agoizko","status":"publish","type":"page","link":"https:\/\/tutoberri.info\/?page_id=22090","title":{"rendered":"Batiburrillo de Josetxo"},"content":{"rendered":"<p style=\"text-align: justify;\" data-wp-editing=\"1\"><a href=\"https:\/\/tutoberri.info\/wp-content\/uploads\/2021\/11\/61a51a420a9651.jpeg\"><img loading=\"lazy\" decoding=\"async\" class=\"alignright size-medium wp-image-22000\" style=\"visibility: visible;\" src=\"https:\/\/tutoberri.info\/wp-content\/uploads\/2021\/11\/61a51a420a9651-300x167.jpeg\" alt=\"\" width=\"300\" height=\"167\" data-nsfw-filter-status=\"sfw\" srcset=\"https:\/\/tutoberri.info\/wp-content\/uploads\/2021\/11\/61a51a420a9651-300x167.jpeg 300w, https:\/\/tutoberri.info\/wp-content\/uploads\/2021\/11\/61a51a420a9651.jpeg 645w\" sizes=\"auto, (max-width: 300px) 100vw, 300px\" \/><\/a>Aqu\u00ed podemos disfrutar de esos numerosos e interesantes descubrimientos sobre la historia de nuestro pueblo, que nos regala nuestro querido colaborador Josetxo Paternain en su \u00abBatiburrillo agoizko\u00bb, en orden cronol\u00f3gico.<\/p>\n<ul>\n<li><strong>1424<\/strong>\n<ul>\n<li><a href=\"\/\/tutoberri.info\/?page_id=32469\">Aclaraci\u00f3n del t\u00e9rmino de denominaci\u00f3n \u00absimple\u00bb en referencia a los habitantes de la villa de Aoiz<\/a><\/li>\n<\/ul>\n<\/li>\n<li><strong>1514\u00a0<\/strong>\n<ul>\n<li><a href=\"\/\/tutoberri.info\/?page_id=2277\" target=\"_parent\" rel=\"noopener\">Los Donamar\u00eda y su litigio con los vecinos de Uli (Arce)<\/a><\/li>\n<\/ul>\n<\/li>\n<li><strong>1525<\/strong>\n<ul>\n<li><a href=\"\/\/tutoberri.info\/?page_id=1140\" target=\"_parent\" rel=\"noopener\">Juan Rena y su relaci\u00f3n con Aoiz<\/a><\/li>\n<\/ul>\n<\/li>\n<li><strong>1540<\/strong>\n<ul>\n<li><a href=\"\/\/tutoberri.info\/?page_id=19075\" target=\"_parent\" rel=\"noopener\">Or\u00edgenes de la propiedad y usos del molino harinero y batanes de la villa de Aoiz en el transcurso del siglo XVI<\/a><\/li>\n<\/ul>\n<\/li>\n<li><strong>1561<\/strong>\n<ul>\n<li><a href=\"\/\/tutoberri.info\/?page_id=30893\" target=\"_parent\" rel=\"noopener\">La villa de Aoiz y sus derechos al asiento en Cortes Generales de Navarra. Sus privilegios en disputas contra otros lugares del Reino. Caso 1 \u2013 Villafranca<\/a><\/li>\n<\/ul>\n<\/li>\n<li><strong>1598<\/strong>\n<ul>\n<li><a href=\"\/\/tutoberri.info\/?page_id=1443\" target=\"_parent\" rel=\"noopener\">El gremio de los pelaires de Aoiz en el siglo XVI (1\u00aa parte)<\/a><\/li>\n<li><a href=\"\/\/tutoberri.info\/?page_id=1865\" target=\"_parent\" rel=\"noopener\">El gremio de los pelaires de Aoiz en el siglo XVI (2\u00aa parte)<\/a><\/li>\n<\/ul>\n<\/li>\n<li><strong>1599<\/strong>\n<ul>\n<li><a href=\"\/\/tutoberri.info\/?page_id=20346\" target=\"_parent\" rel=\"noopener\">Protecciones realizadas en la villa de Aoiz con motivo de la Peste Negra declarada en Navarra en los siglos XVI-XVII<\/a><\/li>\n<\/ul>\n<\/li>\n<li><strong>1609<\/strong>\n<ul>\n<li><a href=\"\/\/tutoberri.info\/?page_id=23019\" target=\"_parent\" rel=\"noopener\">Documentos sobre la instalaci\u00f3n de una tejer\u00eda en la villa de Aoiz en el t\u00e9rmino de Guendulain<\/a><\/li>\n<\/ul>\n<\/li>\n<li><strong>1611<\/strong>\n<ul>\n<li><a href=\"\/\/tutoberri.info\/?page_id=18230\" target=\"_parent\" rel=\"noopener\">Ermita de San Salvador (Primera parte)<\/a><\/li>\n<li><a href=\"\/\/tutoberri.info\/?page_id=18387\" target=\"_parent\" rel=\"noopener\">Ermita de San Salvador (Continuaci\u00f3n)<\/a><\/li>\n<\/ul>\n<\/li>\n<li><strong>1615<\/strong>\n<ul>\n<li><a href=\"\/\/tutoberri.info\/?page_id=8642\" target=\"_parent\" rel=\"noopener\">Noticias sobre la importancia y desarrollo del V\u00ednculo en la villa de Aoiz, entre los siglos XVI-XIX<\/a><\/li>\n<\/ul>\n<\/li>\n<li><strong>1617<\/strong>\n<ul>\n<li><a href=\"\/\/tutoberri.info\/?page_id=19483\" target=\"_parent\" rel=\"noopener\">Bas\u00edlica-ermita de San Juan de Cembozain (primera parte)<\/a><\/li>\n<li><a href=\"\/\/tutoberri.info\/?page_id=20097\" target=\"_parent\" rel=\"noopener\">Bas\u00edlica-ermita de San Juan de Cemborain (continuaci\u00f3n)<\/a><\/li>\n<\/ul>\n<\/li>\n<li><strong>1622<\/strong>\n<ul>\n<li><a href=\"\/\/tutoberri.info\/?page_id=21061\" target=\"_parent\" rel=\"noopener\">La nevera de Auzola situada en los t\u00e9rminos de la villa de Aoiz (1\u00aa parte)<\/a><\/li>\n<\/ul>\n<\/li>\n<li><strong>1635<\/strong>\n<ul>\n<li><a href=\"\/\/tutoberri.info\/?page_id=21202\" target=\"_parent\" rel=\"noopener\">Investigaci\u00f3n sobre el alojamiento y estancia de tropas irlandesas en la villa de Aoiz<\/a><\/li>\n<\/ul>\n<\/li>\n<li><strong>1639<\/strong>\n<ul>\n<li><a href=\"\/\/tutoberri.info\/?page_id=21428\" target=\"_parent\" rel=\"noopener\">Testamento de un capit\u00e1n de soldados irlandeses realizado en la villa de Aoiz en el siglo XVII<\/a><\/li>\n<\/ul>\n<\/li>\n<li><strong>1661<\/strong>\n<ul>\n<li><a href=\"\/\/tutoberri.info\/?page_id=20691\" target=\"_parent\" rel=\"noopener\">Las neveras situadas en los t\u00e9rminos de la villa de Aoiz (siglo XVII)<\/a><\/li>\n<\/ul>\n<\/li>\n<li><strong>1665<\/strong>\n<ul>\n<li><a href=\"\/\/tutoberri.info\/?page_id=29334\" target=\"_parent\" rel=\"noopener\">Noticias sobre la finalildad del humilladero en la villa de Aoiz de tiempos medievales a la actualidad<\/a><\/li>\n<\/ul>\n<\/li>\n<li><strong>1667<\/strong>\n<ul>\n<li><a href=\"\/\/tutoberri.info\/?page_id=7694\" target=\"_parent\" rel=\"noopener\">La econom\u00eda en casa de pelaires en Aoiz<\/a><\/li>\n<\/ul>\n<\/li>\n<li><strong>1688<\/strong>\n<ul>\n<li><a href=\"\/\/tutoberri.info\/?page_id=17636\" target=\"_parent\" rel=\"noopener\">Ermita de San Lorenzo (Primera parte)<\/a><\/li>\n<li><a href=\"\/\/tutoberri.info\/?page_id=18110\" target=\"_parent\" rel=\"noopener\">Ermita de San Lorenzo (Continuaci\u00f3n)<\/a><\/li>\n<\/ul>\n<\/li>\n<li><strong>1697<\/strong>\n<ul>\n<li><a href=\"\/\/tutoberri.info\/?page_id=22293\" target=\"_parent\" rel=\"noopener\">Litigio por el nombramiento de vicario de la iglesia parroquial de San Miguel, con la exigencia de que el elegido deba conocer el idioma bascongado o bascuence<\/a><\/li>\n<\/ul>\n<\/li>\n<li><strong>1704<\/strong>\n<ul>\n<li><a href=\"\/\/tutoberri.info\/?page_id=6437\" target=\"_parent\" rel=\"noopener\">Noticias sobre la existencia de una f\u00e1brica de curtidos en la villa de Aoiz en el siglo XVIII (1\u00aa parte)<\/a><\/li>\n<\/ul>\n<\/li>\n<li><strong>1715<\/strong>\n<ul>\n<li><a href=\"\/\/tutoberri.info\/?page_id=6842\" target=\"_parent\" rel=\"noopener\">Vivencias interesantes del gremio de pelaires y Cofrad\u00eda de Santa Catalina de la villa de Aoiz<\/a><\/li>\n<\/ul>\n<\/li>\n<li><strong>1724<\/strong>\n<ul>\n<li><a href=\"\/\/tutoberri.info\/?page_id=7020\" target=\"_parent\" rel=\"noopener\">Fundaci\u00f3n de la cofrad\u00eda de San Babil, patr\u00f3n del oficio y gremio de tejadores de la villa de Aoiz<\/a><\/li>\n<\/ul>\n<\/li>\n<li><strong>1725<\/strong>\n<ul>\n<li><a href=\"\/\/tutoberri.info\/?page_id=5163\" target=\"_parent\" rel=\"noopener\">Disputa entre los gremios de pelaires de la villa de Aoiz y los de la villa de Urroz por la venta de pa\u00f1os en la calle Chapitela de Pamplona<\/a><\/li>\n<\/ul>\n<\/li>\n<li><strong>1745<\/strong>\n<ul>\n<li><a href=\"\/\/tutoberri.info\/?page_id=5611\" target=\"_parent\" rel=\"noopener\">Noticias sobre las obras realizadas en el retablo de la Iglesia Parroquial de la villa de Aoiz por el escultor Juan Tornes de la villa de Jaca<\/a><\/li>\n<\/ul>\n<\/li>\n<li><strong>1751<\/strong>\n<ul>\n<li><a href=\"\/\/tutoberri.info\/?page_id=5425\" target=\"_parent\" rel=\"noopener\">Nombramiento de maestro apoticario con motivo de la gran mortandad que se produjo en el a\u00f1o 1751<\/a><\/li>\n<\/ul>\n<\/li>\n<li><strong>1752<\/strong>\n<ul>\n<li><a href=\"\/\/tutoberri.info\/?page_id=5709\" target=\"_parent\" rel=\"noopener\">Obras de pintura y dorado del retablo mayor de la iglesia parroquial de la villa de Aoiz realizadas por Pedro Antonio de Rada<\/a><\/li>\n<\/ul>\n<\/li>\n<li><strong>1754<\/strong>\n<ul>\n<li><a href=\"\/\/tutoberri.info\/?page_id=6064\" target=\"_parent\" rel=\"noopener\">Noticias sobre la construcci\u00f3n del nuevo ayuntamiento de la villa de Aoiz en el siglo XVIII<\/a><\/li>\n<\/ul>\n<\/li>\n<li><strong>1755<\/strong>\n<ul>\n<li><a href=\"\/\/tutoberri.info\/?page_id=29996\" target=\"_parent\" rel=\"noopener\">Privilegios que se incluyen en un litigio sobre un escudo de armas (I)<\/a><\/li>\n<li><a href=\"\/\/tutoberri.info\/?page_id=30225\" target=\"_parent\" rel=\"noopener\">Privilegios que se incluyen en un litigio sobre un escudo de armas (II)<\/a><\/li>\n<li><a href=\"\/\/tutoberri.info\/?page_id=30524\" target=\"_parent\" rel=\"noopener\">Privilegios que se incluyen en un litigio sobre un escudo de armas (III)<\/a><\/li>\n<\/ul>\n<\/li>\n<li><strong>1768<\/strong>\n<ul>\n<li><a href=\"\/\/tutoberri.info\/?page_id=32589\">Informaci\u00f3n obtenida a trav\u00e9s de documentos sobre el gremio de sastres de la villa de Aoiz<\/a><\/li>\n<\/ul>\n<\/li>\n<li><strong>1791<\/strong>\n<ul>\n<li><a href=\"\/\/tutoberri.info\/?page_id=3760\" target=\"_parent\" rel=\"noopener\">Antigua f\u00e1brica de papel. Siglos XVIII-XIX<\/a><\/li>\n<\/ul>\n<\/li>\n<li><strong>1793<\/strong>\n<ul>\n<li><a href=\"\/\/tutoberri.info\/?page_id=8517\" target=\"_parent\" rel=\"noopener\">Estancia en la villa de Aoiz de tropas del regimiento provincial de Sig\u00fcenza<\/a><\/li>\n<\/ul>\n<\/li>\n<li><strong>1794<\/strong>\n<ul>\n<li><a href=\"\/\/tutoberri.info\/?page_id=30633\" target=\"_parent\" rel=\"noopener\">Consecuencias durante el trascurso de la Guerra de Convenci\u00f3n (a\u00f1os 1793-1795)<\/a><\/li>\n<\/ul>\n<\/li>\n<li><strong>1795<\/strong>\n<ul>\n<li><a href=\"\/\/tutoberri.info\/?page_id=4512\" target=\"_parent\" rel=\"noopener\">Almad\u00edas por el r\u00edo Irati con destino a Tortosa<\/a><\/li>\n<\/ul>\n<\/li>\n<li><strong>1796<\/strong>\n<ul>\n<li><a href=\"\/\/tutoberri.info\/?page_id=7530\" target=\"_parent\" rel=\"noopener\">Festejos en la villa de Aoiz con motivo del nombramientode D. Miguel Josef Azanza como ministro de la guerra (1\u00aa parte)<\/a><\/li>\n<\/ul>\n<\/li>\n<li><strong>1813<\/strong>\n<ul>\n<li><a href=\"\/\/tutoberri.info\/?page_id=30754\" target=\"_parent\" rel=\"noopener\">Incursiones y rapi\u00f1as cometidas por el ejercito franc\u00e9s durante la guerra de la Independencia en la villa de Aoiz y el valle de L\u00f3nguida<\/a><\/li>\n<\/ul>\n<\/li>\n<li><strong>1815<\/strong>\n<ul>\n<li><a href=\"\/\/tutoberri.info\/?page_id=3611\" target=\"_parent\" rel=\"noopener\">Litigio del gremio de pelaires con los labradores<\/a><\/li>\n<\/ul>\n<\/li>\n<li><strong>1826<\/strong>\n<ul>\n<li><a href=\"\/\/tutoberri.info\/?page_id=8385\" target=\"_parent\" rel=\"noopener\">Noticias sobre el desarrollo de cuerpos de Voluntarios Realistas en la villa de Aoiz en el transcurso del siglo XIX<\/a><\/li>\n<\/ul>\n<\/li>\n<li><strong>1834<\/strong>\n<ul>\n<li><a href=\"\/\/tutoberri.info\/?page_id=8012\" target=\"_parent\" rel=\"noopener\">Competencia entre el Ayuntamiento de Aoiz y el del valle de L\u00f3nguida en la elecci\u00f3n de cirujano<\/a><\/li>\n<\/ul>\n<\/li>\n<li><strong>1841<\/strong>\n<ul>\n<li><a href=\"\/\/tutoberri.info\/?page_id=22383\" target=\"_parent\" rel=\"noopener\">Creaci\u00f3n de una sociedad en la villa de Aoiz para exonerar del cumplimiento del servivio militar<\/a><\/li>\n<\/ul>\n<\/li>\n<li><strong>1842<\/strong>\n<ul>\n<li><a href=\"\/\/tutoberri.info\/?page_id=9514\" target=\"_parent\" rel=\"noopener\">Modificaciones en los caminos de enlace entre la ciudad de Pamplona y la villa de Aoiz, por el antiguo Camino Real<\/a><\/li>\n<\/ul>\n<\/li>\n<li><strong>1846<\/strong>\n<ul>\n<li><a href=\"\/\/tutoberri.info\/?page_id=8061\" target=\"_parent\" rel=\"noopener\">Sierra de agua construida en los t\u00e9rminos de la villa de Aoiz a orillas del r\u00edo Irati<\/a><\/li>\n<\/ul>\n<\/li>\n<li><strong>1848<\/strong>\n<ul>\n<li><a href=\"\/\/tutoberri.info\/?page_id=11681\" target=\"_parent\" rel=\"noopener\">Acusaci\u00f3n criminal sobre tentativa de violaci\u00f3n en la bajada al Molino de la villa de Aoiz<\/a><\/li>\n<\/ul>\n<\/li>\n<li><strong>1859<\/strong>\n<ul>\n<li><a href=\"\/\/tutoberri.info\/?page_id=20393\" target=\"_parent\" rel=\"noopener\">Singular robo de un par de alpargatas valencianas en la taberna Ansorena de la villa de Aoiz<\/a><\/li>\n<\/ul>\n<\/li>\n<li><strong>1860<\/strong>\n<ul>\n<li><a href=\"\/\/tutoberri.info\/?page_id=11604\" target=\"_parent\" rel=\"noopener\">Curioso proceso criminal del comandante de la Guardia Civil de la villa de Aoiz, contra los vecinos de dicha villa, sobre hurto de un gallo<\/a><\/li>\n<\/ul>\n<\/li>\n<li><strong>1873<\/strong>\n<ul>\n<li><a href=\"\/\/tutoberri.info\/?page_id=6661\" target=\"_parent\" rel=\"noopener\">Sucesos en la villa de Aoiz durante el desarrollo de la tercera guerra carlista (1872\u20131876)<\/a><\/li>\n<\/ul>\n<\/li>\n<li><strong>1875<\/strong>\n<ul>\n<li><a href=\"\/\/tutoberri.info\/?page_id=6755\" target=\"_parent\" rel=\"noopener\">Guerras carlistas. Multa al Ayuntamiento de Aoiz por el general Reina, jefe de las tropas liberales<\/a><\/li>\n<\/ul>\n<\/li>\n<li><strong>1893<\/strong>\n<ul>\n<li><a href=\"\/\/tutoberri.info\/?page_id=20812\" target=\"_parent\" rel=\"noopener\">Inicios del movimiento industrial en la villa de Aoiz (finales del siglo XIX y principios del siglo XX)<\/a><\/li>\n<\/ul>\n<\/li>\n<li><strong>1896<\/strong>\n<ul>\n<li><a href=\"\/\/tutoberri.info\/?page_id=25350\" target=\"_parent\" rel=\"noopener\">P\u00f3sito Arc\u00e1ngel San Miguel de la villa de Aoiz (1\u00aa parte \u2013 Creaci\u00f3n de la entidad en el a\u00f1o 1896 por personalidades destacadas)<\/a><\/li>\n<li><a href=\"\/\/tutoberri.info\/?page_id=25697\" target=\"_parent\" rel=\"noopener\">P\u00f3sito Arc\u00e1ngel San Miguel de la villa de Aoiz (2\u00aa parte \u2013 Continuidad y final del p\u00f3sito a partir del a\u00f1o 1896)<\/a><\/li>\n<\/ul>\n<\/li>\n<li><strong>1904<\/strong>\n<ul>\n<li><a href=\"\/\/tutoberri.info\/?page_id=24326\" target=\"_parent\" rel=\"noopener\">F\u00e1brica de harinas San Miguel en Aoiz. Parte 1\/3 (Fundaci\u00f3n y trayectoria industrial)<\/a><\/li>\n<li><a href=\"\/\/tutoberri.info\/?page_id=24827\" target=\"_parent\" rel=\"noopener\">F\u00e1brica de harinas San Miguel en Aoiz. Parte 2\/3 (Trayectoria industrial, siglos XX-XXI)<\/a><\/li>\n<li><a href=\"\/\/tutoberri.info\/?page_id=25225\" target=\"_parent\" rel=\"noopener\">F\u00e1brica de harinas San Miguel en Aoiz. Parte 3\/3 (Cambio de actividades del edificio, desaparici\u00f3n y nueva construcci\u00f3n residencial)<\/a><\/li>\n<\/ul>\n<\/li>\n<li><strong>1909<\/strong>\n<ul>\n<li><a href=\"\/\/tutoberri.info\/?page_id=23267\" target=\"_parent\" rel=\"noopener\">Avances del movimiento industrial y agr\u00edcola en la villa de Aoiz en los inicios del siglo XX<\/a><\/li>\n<\/ul>\n<\/li>\n<li><strong>1917<\/strong>\n<ul>\n<li><a href=\"\/\/tutoberri.info\/?page_id=23635\" target=\"_parent\" rel=\"noopener\">Sustracci\u00f3n de un saco de az\u00facar de la estaci\u00f3n de \u00abEl Irati\u00bb, consignado a la Sra. viuda de Tom\u00e1s Goiburu<\/a><\/li>\n<\/ul>\n<\/li>\n<li><strong>1918<\/strong>\n<ul>\n<li><a href=\"\/\/tutoberri.info\/?page_id=24929\" target=\"_parent\" rel=\"noopener\">Sociedad de Socorros Mutuos en la villa de Aoiz. Desarrollo de sus actividades en el siglo XX<\/a><\/li>\n<\/ul>\n<\/li>\n<li><strong>1929<\/strong>\n<ul>\n<li><a href=\"\/\/tutoberri.info\/?page_id=32218\">Estudio sobre la construcci\u00f3n del front\u00f3n Toki-Eder de la villa de Aoiz en el a\u00f1o 1929<\/a><\/li>\n<li><a href=\"\/\/tutoberri.info\/?page_id=32313\">Conclusiones sobre el final de las obras realizadas en el front\u00f3n Toki-Eder de Aoiz en el a\u00f1o 1929<\/a><\/li>\n<\/ul>\n<\/li>\n<li><strong>1931<\/strong>\n<ul>\n<li><a href=\"\/\/tutoberri.info\/?page_id=27708\" target=\"_parent\" rel=\"noopener\">El socialismo en Navarra durante la II Rep\u00fablica. Formaci\u00f3n de la Agrupaci\u00f3n Socialista en Aoiz<\/a><\/li>\n<\/ul>\n<\/li>\n<li><strong>1932<\/strong>\n<ul>\n<li><a href=\"\/\/tutoberri.info\/?page_id=25826\" target=\"_parent\" rel=\"noopener\">Las asociaciones y su existencia confirmada en la villa de Aoiz a principios del siglo XX (Parte I)<\/a><\/li>\n<li><a href=\"\/\/tutoberri.info\/?page_id=26004\" target=\"_parent\" rel=\"noopener\">Las asociaciones y su existencia confirmada en la villa de Aoiz a principios del siglo XX (Parte II)<\/a><\/li>\n<li><a href=\"\/\/tutoberri.info\/?page_id=27097\" target=\"_parent\" rel=\"noopener\">Las asociaciones y su existencia confirmada en la villa de Aoiz a principios del siglo XX (Parte III)<\/a><\/li>\n<\/ul>\n<\/li>\n<li><strong>1934<\/strong>\n<ul>\n<li><a href=\"\/\/tutoberri.info\/?page_id=27517\" target=\"_parent\" rel=\"noopener\">Fundaci\u00f3n y constituci\u00f3n en la villa de Aoiz de una agrupaci\u00f3n filial del partido nacional de Izquierda Republicana<\/a><\/li>\n<li><a href=\"\/\/tutoberri.info\/?page_id=28111\" target=\"_parent\" rel=\"noopener\">Investigaci\u00f3n sobre la mutualidad de la villa de Aoiz, creada entre los a\u00f1os de 1934 a 1937. Socorro de enfermedades<\/a><\/li>\n<\/ul>\n<\/li>\n<\/ul>\n","protected":false},"excerpt":{"rendered":"<p>Aqu\u00ed podemos disfrutar de esos numerosos e interesantes descubrimientos sobre la historia de nuestro pueblo, que nos regala nuestro querido colaborador Josetxo Paternain en su&#46;&#46;&#46;<\/p>\n","protected":false},"author":26,"featured_media":22000,"parent":0,"menu_order":0,"comment_status":"closed","ping_status":"closed","template":"","meta":{"footnotes":""},"class_list":["post-22090","page","type-page","status-publish","has-post-thumbnail","hentry"],"_links":{"self":[{"href":"https:\/\/tutoberri.info\/index.php?rest_route=\/wp\/v2\/pages\/22090","targetHints":{"allow":["GET"]}}],"collection":[{"href":"https:\/\/tutoberri.info\/index.php?rest_route=\/wp\/v2\/pages"}],"about":[{"href":"https:\/\/tutoberri.info\/index.php?rest_route=\/wp\/v2\/types\/page"}],"author":[{"embeddable":true,"href":"https:\/\/tutoberri.info\/index.php?rest_route=\/wp\/v2\/users\/26"}],"replies":[{"embeddable":true,"href":"https:\/\/tutoberri.info\/index.php?rest_route=%2Fwp%2Fv2%2Fcomments&post=22090"}],"version-history":[{"count":49,"href":"https:\/\/tutoberri.info\/index.php?rest_route=\/wp\/v2\/pages\/22090\/revisions"}],"predecessor-version":[{"id":32607,"href":"https:\/\/tutoberri.info\/index.php?rest_route=\/wp\/v2\/pages\/22090\/revisions\/32607"}],"wp:featuredmedia":[{"embeddable":true,"href":"https:\/\/tutoberri.info\/index.php?rest_route=\/wp\/v2\/media\/22000"}],"wp:attachment":[{"href":"https:\/\/tutoberri.info\/index.php?rest_route=%2Fwp%2Fv2%2Fmedia&parent=22090"}],"curies":[{"name":"wp","href":"https:\/\/api.w.org\/{rel}","templated":true}]}}